{"id":18161,"date":"2025-07-24T10:28:03","date_gmt":"2025-07-24T10:28:03","guid":{"rendered":"https:\/\/perusini-new.ensoul.works\/la-torre-cantina\/"},"modified":"2025-10-20T14:55:00","modified_gmt":"2025-10-20T14:55:00","slug":"la-torre-cantina","status":"publish","type":"page","link":"https:\/\/perusini-new.ensoul.works\/de\/la-torre-cantina\/","title":{"rendered":"La torre cantina"},"content":{"rendered":"\n<h2 class=\"block max-w-container-heading! leading-line-height-heading tracking-heading font-heading text-center  !mx-auto mb-l md:mb-6xl text-heading-base! md:text-heading-xl! wp-elements-13cc7ae0921970b41d011cdcd5724df8 wp-block-ensoul-heading has-text-color has-primary-500-color\" id=\"heading-d1f3c9\">\n                La Torre Cantina        <\/h2>\n    <div class=\"image-section flex flex-col w-full  text-paragraph-base! degustazione-page-img wp-block-ensoul-image\" id=\"image-d1f8a3\">\n\n    <!-- Desktop Image -->\n    <figure class=\"relative !mx-auto original max-md:hidden m-0 p-0\">\n                                <img decoding=\"async\" \n                width=\"760\"\n                height=\"400\"\n                src=\"https:\/\/perusini-new.ensoul.works\/wp-content\/uploads\/2025\/07\/torre-est11-3.jpg\" \n                alt=\"Image\" \n                data-title=\"La torre cantina\"\n                                loading=\"lazy\"\n                class=\"w-full object-cover \"\n                style=\"object-position: 50% 50%;\"\n            \/>\n        \n            <\/figure>\n\n<!-- Mobile Image -->\n<figure class=\"relative !mx-auto original md:hidden m-0 p-0\">\n            <img decoding=\"async\"\n        class=\"object-cover  w-full\"\n        src=\"https:\/\/perusini-new.ensoul.works\/wp-content\/uploads\/2025\/07\/torre-est11-3.jpg\"\n        width=\"760\"\n        height=\"400\"\n        alt=\"Image\"\n        data-title=\"La torre cantina\"\n        style=\"object-position: 50% 50%;\"\n                loading=\"lazy\"\n    >\n    \n        <\/figure>\n\n    <\/div>\n\n<div class=\"ensoul-columns-section w-full relative default wp-block-ensoul-columns\" id=\"columns-d240d9\">\n            <div class=\"ensoul-columns-block grid gap-columns md:grid-cols-2 mt-l md:mt-4xl text-paragraph-base!\">\n            \n\n<div class=\"ensoul-column-wrapper text-paragraph-base! wp-block-ensoul-column\" id=\"column-d216d7\">\n    <div class=\"column flex flex-col h-full min-w-0 break-words justify-start\">\n                    \n\n<p class=\"leading-line-height-paragraph tracking-paragraph font-paragraph max-w-container-paragraph text-left !mx-auto md:mt-2xl md:mb-m text-paragraph-base! md:text-paragraph-lg! p-sost wp-elements-b7215d0a46de95039b852eefb5b568da has-text-color has-primary-500-color\" id=\"paragraph-d20323\">Der Keller-Turm von Gramogliano ist schon durch seine Bezeichnung das Projekt einer architektonischen Synthese zwischen widerspr\u00fcchlichen Konzepten:<\/p>\n\n\n<p class=\"leading-line-height-paragraph tracking-paragraph font-paragraph max-w-container-paragraph text-left !mx-auto text-paragraph-base! md:text-paragraph-lg! p-sost wp-elements-94c3b6eee862a86f55582f4a857260c5 has-text-color has-primary-500-color\" id=\"paragraph-d2099a\">&#8211; zwischen dem Turm, der sich nach oben erhebt, und seiner Basis, die in den Boden eingesunken ist;<\/p>\n\n\n<p class=\"leading-line-height-paragraph tracking-paragraph font-paragraph max-w-container-paragraph text-left !mx-auto text-paragraph-base! md:text-paragraph-lg! p-sost wp-elements-20f4f94809b3f715f5a8b99cce8f2c18 has-text-color has-primary-500-color\" id=\"paragraph-d20f2a\">&#8211; Zwischen der inneren, auf vier Punkten aufliegenden Kugelkappe und den quadratischen B\u00f6den fehlt das Material genau in der Mitte;<\/p>\n\n\n<p class=\"leading-line-height-paragraph tracking-paragraph font-paragraph max-w-container-paragraph text-left !mx-auto text-paragraph-base! md:text-paragraph-lg! p-sost wp-elements-7207f6581cc0dc3532d368ccfc0628ad has-text-color has-primary-500-color\" id=\"paragraph-d214b8\">&#8211; zwischen den schr\u00e4gen W\u00e4nden eines alten Bastionswerks und dem Hohlraum, der hinter den gro\u00dfen Terrakottaplatten verborgen ist, die sie verkleiden.<\/p>\n            <\/div>\n<\/div>\n\n\n<div class=\"ensoul-column-wrapper text-paragraph-base! wp-block-ensoul-column\" id=\"column-d23f73\">\n    <div class=\"column flex flex-col h-full min-w-0 break-words justify-start\">\n                    \n\n<p class=\"leading-line-height-paragraph tracking-paragraph font-paragraph max-w-container-paragraph text-left !mx-auto md:mt-3xl md:mb-m text-paragraph-base! md:text-paragraph-lg! p-sost wp-elements-4522b5a25e3aac7eb0d85673f6eaa464 has-text-color has-primary-500-color\" id=\"paragraph-d21d80\">Auch die Materialien, mit denen der Turm gebaut ist, werden radikal anders eingesetzt als in der traditionellen Bauweise:<\/p>\n\n\n<p class=\"leading-line-height-paragraph tracking-paragraph font-paragraph max-w-container-paragraph text-left !mx-auto text-paragraph-base! md:text-paragraph-lg! p-sost wp-elements-7033946fff9f19c39df66e082b626538 has-text-color has-primary-500-color\" id=\"paragraph-d2237f\">&#8211; Die Holzb\u00f6den bestehen aus Brettschichtholzbalken, deren Dimension stets kleiner ist als die zu \u00fcberspannende Fl\u00e4che, \u00e4hnlich wie bei den \u00dcbungen des 18.\u202fJh. von Rondelet;<\/p>\n\n\n<p class=\"leading-line-height-paragraph tracking-paragraph font-paragraph max-w-container-paragraph text-left !mx-auto text-paragraph-base! md:text-paragraph-lg! p-sost wp-elements-20f4f94809b3f715f5a8b99cce8f2c18 has-text-color has-primary-500-color\" id=\"paragraph-d22a6f\">&#8211; Zwischen der inneren, auf vier Punkten aufliegenden Kugelkappe und den quadratischen B\u00f6den fehlt das Material genau in der Mitte;<\/p>\n\n\n<p class=\"leading-line-height-paragraph tracking-paragraph font-paragraph max-w-container-paragraph text-left !mx-auto text-paragraph-base! md:text-paragraph-lg! p-sost wp-elements-7135f6fce248a823c7932239f75aa305 has-text-color has-primary-500-color\" id=\"paragraph-d230dc\">&#8211; Das vierseitige Dach, mit Rheinzink verkleidet, wird aus einem einzigen gro\u00dfen Balken gewonnen, der in vier gleichschenklige Trapeze geschnitten ist, sodass diese nach innen geneigt aneinander sto\u00dfen wie die vier Dachfl\u00e4chen eines pyramidalen Daches;<\/p>\n\n\n<p class=\"leading-line-height-paragraph tracking-paragraph font-paragraph max-w-container-paragraph text-left !mx-auto text-paragraph-base! md:text-paragraph-lg! p-sost wp-elements-700e6d0020416913e21347bab44f63f6 has-text-color has-primary-500-color\" id=\"paragraph-d23756\">&#8211; Die Terrakotta-Elemente, die traditionell nie gr\u00f6\u00dfer als 50\u201360\u202fcm sind, werden hier in gro\u00dfen Platten von 280\u202f\u00d7\u202f60\u202fcm verwendet, hergestellt aus dem harten Impruneta-Ton mit Harz;<\/p>\n\n\n<p class=\"leading-line-height-paragraph tracking-paragraph font-paragraph max-w-container-paragraph text-left !mx-auto text-paragraph-base! md:text-paragraph-lg! p-sost wp-elements-0ccb1e1fc0b40515724abd65987f5b3e has-text-color has-primary-500-color\" id=\"paragraph-d23d37\">&#8211; Die gro\u00dfen Platten sind schlie\u00dflich an zwei inneren Stahlachsen aufgeh\u00e4ngt und nicht an den R\u00e4ndern, w\u00e4hrend eine dritte Achse ihre Neigung reguliert.<\/p>\n            <\/div>\n<\/div>\n        <\/div>\n    <\/div>\n    <div class=\"image-section flex flex-col w-full  md:px-6xl my-2xl md:my-4xl text-paragraph-base! degustazione-page-img wp-block-ensoul-image\" id=\"image-d24414\">\n\n    <!-- Desktop Image -->\n    <figure class=\"relative !mx-auto w-full max-md:hidden m-0 p-0\">\n                                <img decoding=\"async\" \n                width=\"760\"\n                height=\"505\"\n                src=\"https:\/\/perusini-new.ensoul.works\/wp-content\/uploads\/2025\/10\/torre_2.jpg\" \n                alt=\"Image\" \n                data-title=\"La torre cantina\"\n                                loading=\"lazy\"\n                class=\"w-full object-cover \"\n                style=\"object-position: 50% 50%;\"\n            \/>\n        \n            <\/figure>\n\n<!-- Mobile Image -->\n<figure class=\"relative !mx-auto original md:hidden m-0 p-0\">\n            <img decoding=\"async\"\n        class=\"object-cover  w-full\"\n        src=\"https:\/\/perusini-new.ensoul.works\/wp-content\/uploads\/2025\/10\/Perusini_2013_110.jpg\"\n        width=\"2000\"\n        height=\"1328\"\n        alt=\"Image\"\n        data-title=\"La torre cantina\"\n        style=\"object-position: 50% 50%;\"\n                loading=\"lazy\"\n    >\n    \n        <\/figure>\n\n    <\/div>\n\n<p class=\"leading-line-height-paragraph tracking-paragraph font-paragraph max-w-container-paragraph text-left mx-auto mt-4xl md:mt-6xl text-paragraph-base! md:text-paragraph-2xl! p-sost wp-elements-85c6a2d67a424e5d8433e0f6dbd42de2 has-text-color has-primary-500-color\" id=\"paragraph-d24a0a\">Die vier Stockwerke des Turms sind in der Mitte von vier kreisf\u00f6rmigen \u00d6ffnungen durchbohrt, deren Durchmesser von unten nach oben nach einer k\u00fcnstlichen Perspektive abnimmt. Blickt man vom dekorierten Kellerboden zum Dach, erscheint der Turm viel h\u00f6her, als er tats\u00e4chlich ist. <\/p>\n<p class=\"leading-line-height-paragraph tracking-paragraph font-paragraph max-w-container-paragraph text-left mx-auto md:mb-6xl text-paragraph-base! md:text-paragraph-2xl! p-sost wp-elements-ec72db664c0910b8b49996bce184f95c has-text-color has-primary-500-color\" id=\"paragraph-d24fed\">Innerhalb dieser konischen \u00d6ffnung, am Zenit des Daches \u00fcber ein Kugellager aufgeh\u00e4ngt, das ein Verdrehen des sehr d\u00fcnnen Stahlfadens verhindert, schwingt eine gro\u00dfe Kugel an einem 13,5\u202fm langen Seil. Auf dem Boden, \u00fcber dem die Kugel schwingt, ist eine Uhr nach dem Vorbild der Schaffhausener Uhr eingraviert, die die Erdrotation w\u00e4hrend des langsamen Pendelschwingens anzeigt. <\/p>\n<div class=\"ensoul-columns-section w-full relative default wp-block-ensoul-columns\" id=\"columns-d2629c\">\n            <div class=\"ensoul-columns-block grid gap-columns md:grid-cols-2 mt-4xl md:my-4xl text-paragraph-base!\">\n            \n\n<div class=\"ensoul-column-wrapper text-paragraph-base! wp-block-ensoul-column\" id=\"column-d258d8\">\n    <div class=\"column flex flex-col h-full min-w-0 break-words justify-start\">\n                    \n\n<p class=\"leading-line-height-paragraph tracking-paragraph font-paragraph max-w-container-paragraph text-left text-paragraph-base! md:text-paragraph-lg! wp-elements-7dbc5af1517de6abd51730753cf01983 has-text-color has-primary-500-color\" id=\"paragraph-d25697\">Man k\u00f6nnte sich fragen, warum dieser kleine Keller-Turm eine so gro\u00dfe Anzahl von Problemen bew\u00e4ltigen und l\u00f6sen musste; die Antwort ist einfach: Er war der Versuchsort einer universit\u00e4ren Forschung \u00fcber Materialtechnologien der Tradition, die hier zum ersten Mal extrem und bisher nie erprobt eingesetzt wurden.<br>Im Vergleich zu anderen Forschungsbereichen ben\u00f6tigt die Architekturforschung eine Endkontrolle, die im gebauten Werk besteht. Das bedeutet, dass man zwar die Montagetechnologie einiger industrieller Bauteile innovieren kann, aber der technologisch \u00fcberpr\u00fcfbare und \u00e4sthetisch bewertbare Nachweis nur durch den Bau des Werkes erbracht werden kann, dessen Bestandteile diese Bauteile sind. <\/p>\n            <\/div>\n<\/div>\n\n\n<div class=\"ensoul-column-wrapper text-paragraph-base! wp-block-ensoul-column\" id=\"column-d26100\">\n    <div class=\"column flex flex-col h-full min-w-0 break-words justify-start\">\n                    \n\n<p class=\"leading-line-height-paragraph tracking-paragraph font-paragraph max-w-container-paragraph text-left !mx-auto text-paragraph-base! md:text-paragraph-lg! p-sost wp-elements-fc338eb3399f1eb5fac7f93e3471e6e6 has-text-color has-primary-500-color\" id=\"paragraph-d25e84\">Die gebaute Architektur ist zudem der st\u00e4rkste Kommunikator, was Baumaterialien und neue Technologien betrifft. In der Kellerei von Gramogliano l\u00e4sst sich technologische Innovation kontrollieren und demonstrieren. Unter Nutzung des visuellen und taktilen Effekts wird das Geb\u00e4ude zu einem technologisch vollst\u00e4ndigen, \u00e4sthetisch ansprechenden Modell. Wenn es dar\u00fcber hinaus ein Beispiel guter Architektur ist, wird es gewisserma\u00dfen zu einem Prototyp.   <\/p>\n            <\/div>\n<\/div>\n        <\/div>\n    <\/div>\n    <div class=\"image-section flex flex-col w-full  my-2xl md:my-0 text-paragraph-base! degustazione-page-img wp-block-ensoul-image\" id=\"image-d265fc\">\n\n    <!-- Desktop Image -->\n    <figure class=\"relative !mx-auto max-w-container-image! w-full max-md:hidden m-0 p-0\">\n                                <img decoding=\"async\" \n                width=\"1700\"\n                height=\"2560\"\n                src=\"https:\/\/perusini-new.ensoul.works\/wp-content\/uploads\/2025\/10\/Perusini_2013_115-scaled.jpg\" \n                alt=\"Image\" \n                data-title=\"La torre cantina\"\n                                loading=\"lazy\"\n                class=\"w-full object-cover aspect-[3\/4]\"\n                style=\"object-position: 50% 50%;\"\n            \/>\n        \n            <\/figure>\n\n<!-- Mobile Image -->\n<figure class=\"relative !mx-auto max-w-container-image! w-full md:hidden m-0 p-0\">\n            <img decoding=\"async\"\n        class=\"object-cover aspect-[2\/3] w-full\"\n        src=\"https:\/\/perusini-new.ensoul.works\/wp-content\/uploads\/2025\/10\/Perusini_2013_115-scaled.jpg\"\n        width=\"1700\"\n        height=\"2560\"\n        alt=\"Image\"\n        data-title=\"La torre cantina\"\n        style=\"object-position: 50% 50%;\"\n                loading=\"lazy\"\n    >\n    \n        <\/figure>\n\n    <\/div>\n\n<h2 class=\"block max-w-container-heading! leading-line-height-heading tracking-heading font-heading text-center md:w-1\/2 !mx-auto mt-2xl mb-l md:my-6xl text-heading-xs! md:text-heading-sm! wp-elements-5b307738ef3463bb0b9c0b975ac1d166 wp-block-ensoul-heading has-text-color has-primary-500-color\" id=\"heading-d2687f\">\n                Aber welche technologischen Entwicklungsinteressen wurden in der Perusini-Kellerei im Rahmen der experimentellen Forschung verfolgt?        <\/h2>\n<div class=\"ensoul-columns-section w-full relative default wp-block-ensoul-columns\" id=\"columns-d2a401\">\n            <div class=\"ensoul-columns-block grid gap-columns md:grid-cols-2 mb-6xl md:mb-7xl text-paragraph-base!\">\n            \n\n<div class=\"ensoul-column-wrapper text-paragraph-base! wp-block-ensoul-column\" id=\"column-d270aa\">\n    <div class=\"column flex flex-col h-full min-w-0 break-words justify-start\">\n                    \n\n<p class=\"leading-line-height-paragraph tracking-paragraph font-paragraph max-w-container-paragraph text-left !mx-auto text-paragraph-sm! md:text-paragraph-lg! p-sost wp-elements-1c684ae10b200dc58b7b6bdc166691e2 has-text-color has-primary-500-color\" id=\"paragraph-d26e70\">Die Entwicklung der Cottostone-Plattentechnologie \u201eau\u00dferhalb der Vertikalebene\u201c f\u00fcr hinterl\u00fcftete W\u00e4nde und von Cottostone-Zierleisten, hergestellt durch Verklebung langer und schmaler Profile aus recyceltem Terrakotta;<br \/>\ndie Entwicklung der Brettschichtholztechnologie, angewendet auf die Verklebung gebogener Elemente zur Bildung von Schalen oder Kugelkappen oder zur Herstellung von Decken. Letztere sind so konzipiert, dass sich Zust\u00e4nde von Vorspannung bilden, erm\u00f6glicht durch das Zuschneiden der Balken mit schr\u00e4gen Seitenfl\u00e4chen, die es ihnen erlauben, sich wie Schlusssteine eines Steinbogens zu verhalten.<br>Eine abschlie\u00dfende Anmerkung: Das neue europ\u00e4ische Gesetz, das die universit\u00e4re Forschung von nationalem Interesse regelt, verlangt die Erprobung und den Bau von Prototypen in den entsprechenden Industriezweigen. Dies ist seit langem in nord- und westeurop\u00e4ischen Universit\u00e4ten \u00fcblich.<br>Obwohl die Anwendung des europ\u00e4ischen Gesetzes zur wissenschaftlichen Forschung in Italien erst k\u00fcrzlich erfolgt ist, stellt der Turm von Gramogliano das einzige \u201erealisierte\u201c Beispiel in unserem Land dar.<br>Augusto Romano Burelli<br \/>\nApril 2003  <\/p>\n            <\/div>\n<\/div>\n\n\n<div class=\"ensoul-column-wrapper text-paragraph-base! wp-block-ensoul-column\" id=\"column-d2a23c\">\n    <div class=\"column flex flex-col h-full min-w-0 break-words justify-start\">\n                    \n\n<p class=\"leading-line-height-paragraph tracking-paragraph font-paragraph max-w-container-paragraph text-left !mr-auto mb-xs md:mb-0 text-paragraph-sm! md:text-paragraph-lg! p-sost wp-elements-8e1e3666b1a480d1a09a72a925426731 has-text-color has-primary-500-color\" id=\"paragraph-d2762c\"><strong>Forschungsgruppe:<\/strong><\/p>\n\n\n<p class=\"leading-line-height-paragraph tracking-paragraph font-paragraph max-w-container-paragraph text-left !mr-auto md:my-xxs text-paragraph-sm! md:text-paragraph-lg! p-sost wp-elements-4ca7039a25c3b8fb1e5a4ea65cc6b005 has-text-color has-primary-500-color\" id=\"paragraph-d27baa\"><strong>&#8211;<\/strong> prof. Augusto Romano Burelli, Dipartimento di Progettazione Architettonica, IUAV<\/p>\n\n\n<p class=\"leading-line-height-paragraph tracking-paragraph font-paragraph max-w-container-paragraph text-left !mr-auto md:my-xxs text-paragraph-sm! md:text-paragraph-lg! p-sost wp-elements-82c5004b959243b59b0f2e1d17d522fa has-text-color has-primary-500-color\" id=\"paragraph-d28172\"><strong>&#8211;<\/strong> prof. Gianfranco Roccatagliata, Dipartimento di Costruzione dell\u2019Architettura, IUAV<\/p>\n\n\n<p class=\"leading-line-height-paragraph tracking-paragraph font-paragraph max-w-container-paragraph text-left !mr-auto md:my-xxs text-paragraph-sm! md:text-paragraph-lg! p-sost wp-elements-6488e3f8ae8299234e84eaec106c6818 has-text-color has-primary-500-color\" id=\"paragraph-d2870f\"><strong>&#8211; <\/strong>arch. Maurizio Trevisan, assistente incaricato IUAV, progetto architettonico<\/p>\n\n\n<p class=\"leading-line-height-paragraph tracking-paragraph font-paragraph max-w-container-paragraph text-left !mr-auto md:my-xxs text-paragraph-sm! md:text-paragraph-lg! p-sost wp-elements-8d570104c4935e64b179f81d9d0d9aa8 has-text-color has-primary-500-color\" id=\"paragraph-d28d46\">&#8211; prof. Franco Laner, Dipartimento di Costruzione dell\u2019Architettura, IUAV<\/p>\n\n\n<p class=\"leading-line-height-paragraph tracking-paragraph font-paragraph max-w-container-paragraph text-left !mr-auto md:my-xxs text-paragraph-sm! md:text-paragraph-lg! p-sost wp-elements-99fda0b25d43edea008cce7b8e898108 has-text-color has-primary-500-color\" id=\"paragraph-d2932a\">&#8211; ing. Francesco Stefinlongo,calcolo strutture in acciaio e strutture a guscio<\/p>\n\n\n<p class=\"leading-line-height-paragraph tracking-paragraph font-paragraph max-w-container-paragraph text-left !mr-auto md:my-xxs text-paragraph-sm! md:text-paragraph-lg! p-sost wp-elements-df1cf814d40e05d6bd1da0dbefe872c5 has-text-color has-primary-500-color\" id=\"paragraph-d29a66\"><strong>&#8211;<\/strong> arch. Emanuele Garbin, ricercatore IUAV, specialista progettazione CAD 3D<\/p>\n\n\n<p class=\"leading-line-height-paragraph tracking-paragraph font-paragraph max-w-container-paragraph text-left !mr-auto text-paragraph-sm! md:text-paragraph-lg! p-sost wp-elements-32009e28302c89b029bc156b7be1dbb0 has-text-color has-primary-500-color\" id=\"paragraph-d2a00d\"><strong>&#8211;<\/strong> arch. Francesco Migliorini, progettista CAD 3D.<\/p>\n            <\/div>\n<\/div>\n        <\/div>\n    <\/div>","protected":false},"excerpt":{"rendered":"","protected":false},"author":5,"featured_media":0,"parent":0,"menu_order":0,"comment_status":"closed","ping_status":"closed","template":"","meta":{"_acf_changed":false,"tipologia":"","footnotes":""},"class_list":["post-18161","page","type-page","status-publish","hentry"],"acf":[],"mb":[],"mfb_rest_fields":["title"],"_links":{"self":[{"href":"https:\/\/perusini-new.ensoul.works\/de\/wp-json\/wp\/v2\/pages\/18161","targetHints":{"allow":["GET"]}}],"collection":[{"href":"https:\/\/perusini-new.ensoul.works\/de\/wp-json\/wp\/v2\/pages"}],"about":[{"href":"https:\/\/perusini-new.ensoul.works\/de\/wp-json\/wp\/v2\/types\/page"}],"author":[{"embeddable":true,"href":"https:\/\/perusini-new.ensoul.works\/de\/wp-json\/wp\/v2\/users\/5"}],"replies":[{"embeddable":true,"href":"https:\/\/perusini-new.ensoul.works\/de\/wp-json\/wp\/v2\/comments?post=18161"}],"version-history":[{"count":1,"href":"https:\/\/perusini-new.ensoul.works\/de\/wp-json\/wp\/v2\/pages\/18161\/revisions"}],"predecessor-version":[{"id":18162,"href":"https:\/\/perusini-new.ensoul.works\/de\/wp-json\/wp\/v2\/pages\/18161\/revisions\/18162"}],"wp:attachment":[{"href":"https:\/\/perusini-new.ensoul.works\/de\/wp-json\/wp\/v2\/media?parent=18161"}],"curies":[{"name":"wp","href":"https:\/\/api.w.org\/{rel}","templated":true}]}}